{"id":650,"date":"2019-06-23T08:57:30","date_gmt":"2019-06-23T12:57:30","guid":{"rendered":"http:\/\/www.jsmassicotte.com\/lappeldelaventure\/?page_id=650"},"modified":"2020-01-14T11:15:23","modified_gmt":"2020-01-14T15:15:23","slug":"jean-sebastien-massicotte","status":"publish","type":"page","link":"http:\/\/www.jsmassicotte.com\/lappeldelaventure\/jean-sebastien-massicotte\/","title":{"rendered":"Jean-S\u00e9bastien Massicotte"},"content":{"rendered":"\n<div class=\"wp-block-image\"><figure class=\"alignright is-resized\"><img loading=\"lazy\" decoding=\"async\" src=\"http:\/\/www.jsmassicotte.com\/lappeldelaventure\/wp-content\/uploads\/2019\/05\/12F34831-E3F7-4C53-910F-1DC65DB72347-951x1024.jpg\" alt=\"\" class=\"wp-image-172\" width=\"276\" height=\"296\" srcset=\"http:\/\/www.jsmassicotte.com\/lappeldelaventure\/wp-content\/uploads\/2019\/05\/12F34831-E3F7-4C53-910F-1DC65DB72347-951x1024.jpg 951w, http:\/\/www.jsmassicotte.com\/lappeldelaventure\/wp-content\/uploads\/2019\/05\/12F34831-E3F7-4C53-910F-1DC65DB72347-279x300.jpg 279w, http:\/\/www.jsmassicotte.com\/lappeldelaventure\/wp-content\/uploads\/2019\/05\/12F34831-E3F7-4C53-910F-1DC65DB72347-768x827.jpg 768w\" sizes=\"auto, (max-width: 276px) 100vw, 276px\" \/><figcaption>Jean-S\u00e9bastien Massicotte<\/figcaption><\/figure><\/div>\n\n\n\n<p>Journaliste pendant 15 ans au quotidien\u00a0<em>Le Soleil<\/em>, \u00e0 Qu\u00e9bec, <a href=\"http:\/\/jsmassicotte.com\/wppro2\/bio\/\" target=\"_blank\" rel=\"noreferrer noopener\" aria-label=\"Jean-S\u00e9bastien Massicotte (s\u2019ouvre dans un nouvel onglet)\">Jean-S\u00e9bastien Massicotte<\/a> a sign\u00e9 la chronique et anim\u00e9 le blogue plein air de ce journal de 2011 \u00e0 2018. <\/p>\n\n\n\n<p>Chroniqueur plein air et cr\u00e9ateur de contenu d&rsquo;aventure ind\u00e9pendant depuis 2019, l\u2019Abitibien d&rsquo;origine ne rate jamais l\u2019occasion de passer \u00e0 l\u2019action pour le b\u00e9n\u00e9fice d\u2019une bonne histoire.<\/p>\n\n\n\n<p>Id\u00e9ateur, r\u00e9alisateur et producteur de <em>L&rsquo;Appel de l&rsquo;aventure<\/em>, Jean-S\u00e9bastien anime le podcast ind\u00e9pendant et le blogue au rythme des saisons, de l&rsquo;actualit\u00e9 et des tendances.<\/p>\n\n\n\n<p>Quand il n\u2019est pas \u00e0 la barre de&nbsp;<em>L\u2019Appel de l\u2019aventure<\/em>, vous pouvez notamment lire Jean-S\u00e9bastien&nbsp;<a rel=\"noreferrer noopener\" href=\"https:\/\/www.espaces.ca\/articles\/activites\/camping-et-randonnee-01\/randonnee-pedestre\/6093-hawai-ces-petits-details-qui-menent-parfois-a-la-catastrophe\" target=\"_blank\">dans le magazine&nbsp;<\/a><em><a rel=\"noreferrer noopener\" href=\"https:\/\/www.espaces.ca\/articles\/activites\/camping-et-randonnee-01\/randonnee-pedestre\/6093-hawai-ces-petits-details-qui-menent-parfois-a-la-catastrophe\" target=\"_blank\">Espaces<\/a><\/em>, observer ses productions vid\u00e9o ou encore l\u2019entendre de mani\u00e8re p\u00e9riodique sur des enjeux d\u2019actualit\u00e9s li\u00e9s au domaine du plein air, notamment \u00e0 la radio d\u2019ICI Radio-Canada Premi\u00e8re. <\/p>\n\n\n\n<p>Suivez-le sur <a rel=\"noreferrer noopener\" aria-label=\"Facebook (s\u2019ouvre dans un nouvel onglet)\" href=\"http:\/\/facebook.com\/jsmassicottepro\" target=\"_blank\">Facebook<\/a>, <a rel=\"noreferrer noopener\" aria-label=\"Twitter (s\u2019ouvre dans un nouvel onglet)\" href=\"http:\/\/twitter.com\/jsmassicotte\" target=\"_blank\">Twitter<\/a> et <a href=\"http:\/\/instagram.com\/jsmassicotte\" target=\"_blank\" rel=\"noreferrer noopener\" aria-label=\"Instagram (s\u2019ouvre dans un nouvel onglet)\">Instagram<\/a> <\/p>\n","protected":false},"excerpt":{"rendered":"<p>Journaliste pendant 15 ans au quotidien\u00a0Le Soleil, \u00e0 Qu\u00e9bec, Jean-S\u00e9bastien Massicotte a sign\u00e9 la chronique et anim\u00e9 le blogue plein air de ce journal de 2011 \u00e0 2018. Chroniqueur plein air et cr\u00e9ateur de contenu d&rsquo;aventure ind\u00e9pendant depuis 2019, l\u2019Abitibien d&rsquo;origine ne rate jamais l\u2019occasion de passer \u00e0 l\u2019action pour le b\u00e9n\u00e9fice d\u2019une bonne histoire. &hellip; <\/p>\n<p class=\"link-more\"><a href=\"http:\/\/www.jsmassicotte.com\/lappeldelaventure\/jean-sebastien-massicotte\/\" class=\"more-link\">Continuer la lecture<span class=\"screen-reader-text\"> de &laquo; Jean-S\u00e9bastien Massicotte &raquo;<\/span><\/a><\/p>\n","protected":false},"author":1,"featured_media":0,"parent":0,"menu_order":0,"comment_status":"closed","ping_status":"closed","template":"","meta":{"footnotes":""},"class_list":["post-650","page","type-page","status-publish","hentry"],"_links":{"self":[{"href":"http:\/\/www.jsmassicotte.com\/lappeldelaventure\/wp-json\/wp\/v2\/pages\/650","targetHints":{"allow":["GET"]}}],"collection":[{"href":"http:\/\/www.jsmassicotte.com\/lappeldelaventure\/wp-json\/wp\/v2\/pages"}],"about":[{"href":"http:\/\/www.jsmassicotte.com\/lappeldelaventure\/wp-json\/wp\/v2\/types\/page"}],"author":[{"embeddable":true,"href":"http:\/\/www.jsmassicotte.com\/lappeldelaventure\/wp-json\/wp\/v2\/users\/1"}],"replies":[{"embeddable":true,"href":"http:\/\/www.jsmassicotte.com\/lappeldelaventure\/wp-json\/wp\/v2\/comments?post=650"}],"version-history":[{"count":11,"href":"http:\/\/www.jsmassicotte.com\/lappeldelaventure\/wp-json\/wp\/v2\/pages\/650\/revisions"}],"predecessor-version":[{"id":1318,"href":"http:\/\/www.jsmassicotte.com\/lappeldelaventure\/wp-json\/wp\/v2\/pages\/650\/revisions\/1318"}],"wp:attachment":[{"href":"http:\/\/www.jsmassicotte.com\/lappeldelaventure\/wp-json\/wp\/v2\/media?parent=650"}],"curies":[{"name":"wp","href":"https:\/\/api.w.org\/{rel}","templated":true}]}}